{"id":2641,"date":"2025-09-28T18:28:21","date_gmt":"2025-09-28T16:28:21","guid":{"rendered":"http:\/\/www.bloguecornella.es\/wordpress\/?page_id=2641"},"modified":"2025-11-13T15:23:00","modified_gmt":"2025-11-13T14:23:00","slug":"entrevistas","status":"publish","type":"page","link":"http:\/\/www.bloguecornella.es\/wordpress\/entrevistas\/","title":{"rendered":"Entrevistas"},"content":{"rendered":"\n<p>Aqu\u00ed, podr\u00e1s ver todas las entrevistas realizadas a trav\u00e9s de nuestro medio.<\/p>\n\n\n\n<div class=\"wp-block-query has-global-padding is-layout-constrained wp-container-core-query-is-layout-12243e0f wp-block-query-is-layout-constrained\"><ul class=\"wp-block-post-template has-small-font-size is-layout-flow wp-container-core-post-template-is-layout-3ee800f6 wp-block-post-template-is-layout-flow\"><li class=\"wp-block-post post-3395 post type-post status-publish format-standard has-post-thumbnail hentry category-entrevista category-fuecornella category-martina-pubill category-temporada-2025-26 category-tercera-federacion-femenina tag-entrevista tag-fundacio-ue-cornella tag-martina-pubill tag-temporada-2025-26 tag-tercera-federacion-femenina\">\n\n<div class=\"wp-block-columns are-vertically-aligned-center has-border-color is-layout-flex wp-container-core-columns-is-layout-28f84493 wp-block-columns-is-layout-flex\" style=\"border-color:#2A2A2A;border-width:26%;border-radius:0px\">\n<div class=\"wp-block-column is-vertically-aligned-center is-layout-flow wp-block-column-is-layout-flow\" style=\"flex-basis:25%\"><figure style=\"aspect-ratio:16\/9;\" class=\"wp-block-post-featured-image\"><a href=\"http:\/\/www.bloguecornella.es\/wordpress\/2025\/12\/23\/entrevista-martina-pubill-jugadora-de-la-fundacio-ue-cornella\/\" target=\"_self\"  ><img loading=\"lazy\" decoding=\"async\" width=\"940\" height=\"529\" src=\"https:\/\/i0.wp.com\/www.bloguecornella.es\/wordpress\/wp-content\/uploads\/2025\/12\/Genis-Sampietro-2.png?fit=940%2C529\" class=\"attachment-full size-full wp-post-image\" alt=\"Entrevista Martina Pubill &#8211; Jugadora de la Fundaci\u00f3 UE Cornell\u00e0 \u00abEl objetivo es subir, lo tom\u00e1s o lo dejas\u00bb\" style=\"width:100%;height:100%;object-fit:fill;\" srcset=\"https:\/\/i0.wp.com\/www.bloguecornella.es\/wordpress\/wp-content\/uploads\/2025\/12\/Genis-Sampietro-2.png?w=940 940w, https:\/\/i0.wp.com\/www.bloguecornella.es\/wordpress\/wp-content\/uploads\/2025\/12\/Genis-Sampietro-2.png?resize=300%2C169 300w, https:\/\/i0.wp.com\/www.bloguecornella.es\/wordpress\/wp-content\/uploads\/2025\/12\/Genis-Sampietro-2.png?resize=768%2C432 768w, https:\/\/i0.wp.com\/www.bloguecornella.es\/wordpress\/wp-content\/uploads\/2025\/12\/Genis-Sampietro-2.png?resize=128%2C72 128w, https:\/\/i0.wp.com\/www.bloguecornella.es\/wordpress\/wp-content\/uploads\/2025\/12\/Genis-Sampietro-2.png?resize=32%2C18 32w\" sizes=\"auto, (max-width: 940px) 100vw, 940px\" \/><\/a><\/figure><\/div>\n\n\n\n<div class=\"wp-block-column is-vertically-aligned-center is-layout-flow wp-block-column-is-layout-flow\" style=\"flex-basis:75%\"><h2 class=\"wp-block-post-title has-large-font-size\"><a href=\"http:\/\/www.bloguecornella.es\/wordpress\/2025\/12\/23\/entrevista-martina-pubill-jugadora-de-la-fundacio-ue-cornella\/\" target=\"_self\" >Entrevista Martina Pubill &#8211; Jugadora de la Fundaci\u00f3 UE Cornell\u00e0 \u00abEl objetivo es subir, lo tom\u00e1s o lo dejas\u00bb<\/a><\/h2><\/div>\n<\/div>\n\n<\/li><li class=\"wp-block-post post-3181 post type-post status-publish format-standard has-post-thumbnail hentry category-entrevista category-temporada-2025-26 category-tercera-federacion-grupo-v category-ue-cornella category-victor-aliaga tag-entrevista tag-temporada-2025-26 tag-tercera-federacion-grupo-v tag-ue-cornella tag-victor-aliaga\">\n\n<div class=\"wp-block-columns are-vertically-aligned-center has-border-color is-layout-flex wp-container-core-columns-is-layout-28f84493 wp-block-columns-is-layout-flex\" style=\"border-color:#2A2A2A;border-width:26%;border-radius:0px\">\n<div class=\"wp-block-column is-vertically-aligned-center is-layout-flow wp-block-column-is-layout-flow\" style=\"flex-basis:25%\"><figure style=\"aspect-ratio:16\/9;\" class=\"wp-block-post-featured-image\"><a href=\"http:\/\/www.bloguecornella.es\/wordpress\/2025\/12\/04\/entrevista-victor-aliaga-jugador-de-la-ue-cornella\/\" target=\"_self\"  ><img loading=\"lazy\" decoding=\"async\" width=\"940\" height=\"529\" src=\"https:\/\/i0.wp.com\/www.bloguecornella.es\/wordpress\/wp-content\/uploads\/2025\/12\/Genis-Sampietro-1.png?fit=940%2C529\" class=\"attachment-full size-full wp-post-image\" alt=\"Entrevista V\u00edctor Aliaga &#8211; jugador de la UE Cornell\u00e0 \u00abIgnasi siempre saca lo mejor de m\u00ed\u00bb\" style=\"width:100%;height:100%;object-fit:fill;\" srcset=\"https:\/\/i0.wp.com\/www.bloguecornella.es\/wordpress\/wp-content\/uploads\/2025\/12\/Genis-Sampietro-1.png?w=940 940w, https:\/\/i0.wp.com\/www.bloguecornella.es\/wordpress\/wp-content\/uploads\/2025\/12\/Genis-Sampietro-1.png?resize=300%2C169 300w, https:\/\/i0.wp.com\/www.bloguecornella.es\/wordpress\/wp-content\/uploads\/2025\/12\/Genis-Sampietro-1.png?resize=768%2C432 768w, https:\/\/i0.wp.com\/www.bloguecornella.es\/wordpress\/wp-content\/uploads\/2025\/12\/Genis-Sampietro-1.png?resize=128%2C72 128w, https:\/\/i0.wp.com\/www.bloguecornella.es\/wordpress\/wp-content\/uploads\/2025\/12\/Genis-Sampietro-1.png?resize=32%2C18 32w\" sizes=\"auto, (max-width: 940px) 100vw, 940px\" \/><\/a><\/figure><\/div>\n\n\n\n<div class=\"wp-block-column is-vertically-aligned-center is-layout-flow wp-block-column-is-layout-flow\" style=\"flex-basis:75%\"><h2 class=\"wp-block-post-title has-large-font-size\"><a href=\"http:\/\/www.bloguecornella.es\/wordpress\/2025\/12\/04\/entrevista-victor-aliaga-jugador-de-la-ue-cornella\/\" target=\"_self\" >Entrevista V\u00edctor Aliaga &#8211; jugador de la UE Cornell\u00e0 \u00abIgnasi siempre saca lo mejor de m\u00ed\u00bb<\/a><\/h2><\/div>\n<\/div>\n\n<\/li><li class=\"wp-block-post post-2974 post type-post status-publish format-standard has-post-thumbnail hentry category-entrevista category-genis-sampietro category-temporada-2025-26 category-tercera-federacion-grupo-v category-ue-cornella tag-entrevista tag-genis-sampietro tag-temporada-2025-26 tag-tercera-federacion-grupo-v tag-ue-cornella\">\n\n<div class=\"wp-block-columns are-vertically-aligned-center has-border-color is-layout-flex wp-container-core-columns-is-layout-28f84493 wp-block-columns-is-layout-flex\" style=\"border-color:#2A2A2A;border-width:26%;border-radius:0px\">\n<div class=\"wp-block-column is-vertically-aligned-center is-layout-flow wp-block-column-is-layout-flow\" style=\"flex-basis:25%\"><figure style=\"aspect-ratio:16\/9;\" class=\"wp-block-post-featured-image\"><a href=\"http:\/\/www.bloguecornella.es\/wordpress\/2025\/11\/13\/entrevista-genis-sampietro-entrenador-del-cf-vilanova-i-la-geltru-al-cornella-lo-veo-entre-los-tres-primeros\/\" target=\"_self\"  ><img loading=\"lazy\" decoding=\"async\" width=\"940\" height=\"529\" src=\"https:\/\/i0.wp.com\/www.bloguecornella.es\/wordpress\/wp-content\/uploads\/2025\/11\/Genis-Sampietro.png?fit=940%2C529\" class=\"attachment-full size-full wp-post-image\" alt=\"Entrevista Genis Sampietro &#8211; Entrenador del CF Vilanova i la Geltru: \u00abAl Cornell\u00e0 lo veo entre los tres primeros\u00bb\" style=\"width:100%;height:100%;object-fit:fill;\" srcset=\"https:\/\/i0.wp.com\/www.bloguecornella.es\/wordpress\/wp-content\/uploads\/2025\/11\/Genis-Sampietro.png?w=940 940w, https:\/\/i0.wp.com\/www.bloguecornella.es\/wordpress\/wp-content\/uploads\/2025\/11\/Genis-Sampietro.png?resize=300%2C169 300w, https:\/\/i0.wp.com\/www.bloguecornella.es\/wordpress\/wp-content\/uploads\/2025\/11\/Genis-Sampietro.png?resize=768%2C432 768w, https:\/\/i0.wp.com\/www.bloguecornella.es\/wordpress\/wp-content\/uploads\/2025\/11\/Genis-Sampietro.png?resize=128%2C72 128w, https:\/\/i0.wp.com\/www.bloguecornella.es\/wordpress\/wp-content\/uploads\/2025\/11\/Genis-Sampietro.png?resize=32%2C18 32w\" sizes=\"auto, (max-width: 940px) 100vw, 940px\" \/><\/a><\/figure><\/div>\n\n\n\n<div class=\"wp-block-column is-vertically-aligned-center is-layout-flow wp-block-column-is-layout-flow\" style=\"flex-basis:75%\"><h2 class=\"wp-block-post-title has-large-font-size\"><a href=\"http:\/\/www.bloguecornella.es\/wordpress\/2025\/11\/13\/entrevista-genis-sampietro-entrenador-del-cf-vilanova-i-la-geltru-al-cornella-lo-veo-entre-los-tres-primeros\/\" target=\"_self\" >Entrevista Genis Sampietro &#8211; Entrenador del CF Vilanova i la Geltru: \u00abAl Cornell\u00e0 lo veo entre los tres primeros\u00bb<\/a><\/h2><\/div>\n<\/div>\n\n<\/li><li class=\"wp-block-post post-2702 post type-post status-publish format-standard has-post-thumbnail hentry category-derbi-baix-llobregat category-entrevista category-fran-rubio category-temporada-2025-26 category-tercera-federacion-grupo-v category-ue-cornella tag-entrevista tag-fran-rubio tag-temporada-2025-26 tag-tercera-federacion-grupo-v tag-ue-cornella\">\n\n<div class=\"wp-block-columns are-vertically-aligned-center has-border-color is-layout-flex wp-container-core-columns-is-layout-28f84493 wp-block-columns-is-layout-flex\" style=\"border-color:#2A2A2A;border-width:26%;border-radius:0px\">\n<div class=\"wp-block-column is-vertically-aligned-center is-layout-flow wp-block-column-is-layout-flow\" style=\"flex-basis:25%\"><figure style=\"aspect-ratio:16\/9;\" class=\"wp-block-post-featured-image\"><a href=\"http:\/\/www.bloguecornella.es\/wordpress\/2025\/10\/08\/entrevista-a-fran-rubio-entrenador-can-vidalet-el-estilo-de-ignasi-sera-al-que-el-futbol-va-a-ir\/\" target=\"_self\"  ><img loading=\"lazy\" decoding=\"async\" width=\"2560\" height=\"1707\" src=\"https:\/\/i0.wp.com\/www.bloguecornella.es\/wordpress\/wp-content\/uploads\/2025\/10\/Imagen-de-WhatsApp-2025-10-06-a-las-21.34.50_68f00f62-scaled.jpg?fit=2560%2C1707\" class=\"attachment-full size-full wp-post-image\" alt=\"Entrevista a Fran Rubio &#8211; Entrenador Can Vidalet \u00abEl estilo de Ignasi, ser\u00e1 al que el f\u00fatbol va a ir\u00bb\" style=\"width:100%;height:100%;object-fit:fill;\" srcset=\"https:\/\/i0.wp.com\/www.bloguecornella.es\/wordpress\/wp-content\/uploads\/2025\/10\/Imagen-de-WhatsApp-2025-10-06-a-las-21.34.50_68f00f62-scaled.jpg?w=2560 2560w, https:\/\/i0.wp.com\/www.bloguecornella.es\/wordpress\/wp-content\/uploads\/2025\/10\/Imagen-de-WhatsApp-2025-10-06-a-las-21.34.50_68f00f62-scaled.jpg?resize=300%2C200 300w, https:\/\/i0.wp.com\/www.bloguecornella.es\/wordpress\/wp-content\/uploads\/2025\/10\/Imagen-de-WhatsApp-2025-10-06-a-las-21.34.50_68f00f62-scaled.jpg?resize=1024%2C683 1024w, https:\/\/i0.wp.com\/www.bloguecornella.es\/wordpress\/wp-content\/uploads\/2025\/10\/Imagen-de-WhatsApp-2025-10-06-a-las-21.34.50_68f00f62-scaled.jpg?resize=768%2C512 768w, https:\/\/i0.wp.com\/www.bloguecornella.es\/wordpress\/wp-content\/uploads\/2025\/10\/Imagen-de-WhatsApp-2025-10-06-a-las-21.34.50_68f00f62-scaled.jpg?resize=1536%2C1024 1536w, https:\/\/i0.wp.com\/www.bloguecornella.es\/wordpress\/wp-content\/uploads\/2025\/10\/Imagen-de-WhatsApp-2025-10-06-a-las-21.34.50_68f00f62-scaled.jpg?resize=2048%2C1365 2048w, https:\/\/i0.wp.com\/www.bloguecornella.es\/wordpress\/wp-content\/uploads\/2025\/10\/Imagen-de-WhatsApp-2025-10-06-a-las-21.34.50_68f00f62-scaled.jpg?resize=128%2C85 128w, https:\/\/i0.wp.com\/www.bloguecornella.es\/wordpress\/wp-content\/uploads\/2025\/10\/Imagen-de-WhatsApp-2025-10-06-a-las-21.34.50_68f00f62-scaled.jpg?resize=32%2C21 32w\" sizes=\"auto, (max-width: 1000px) 100vw, 1000px\" \/><\/a><\/figure><\/div>\n\n\n\n<div class=\"wp-block-column is-vertically-aligned-center is-layout-flow wp-block-column-is-layout-flow\" style=\"flex-basis:75%\"><h2 class=\"wp-block-post-title has-large-font-size\"><a href=\"http:\/\/www.bloguecornella.es\/wordpress\/2025\/10\/08\/entrevista-a-fran-rubio-entrenador-can-vidalet-el-estilo-de-ignasi-sera-al-que-el-futbol-va-a-ir\/\" target=\"_self\" >Entrevista a Fran Rubio &#8211; Entrenador Can Vidalet \u00abEl estilo de Ignasi, ser\u00e1 al que el f\u00fatbol va a ir\u00bb<\/a><\/h2><\/div>\n<\/div>\n\n<\/li><li class=\"wp-block-post post-2346 post type-post status-publish format-standard has-post-thumbnail hentry category-entrevista category-ignasi-senabria category-temporada-2025-26 category-tercera-federacion-grupo-v category-ue-cornella tag-entrevista tag-ignasi-senabre tag-temporada-2025-26 tag-tercera-federacion-grupo-v tag-ue-cornella\">\n\n<div class=\"wp-block-columns are-vertically-aligned-center has-border-color is-layout-flex wp-container-core-columns-is-layout-28f84493 wp-block-columns-is-layout-flex\" style=\"border-color:#2A2A2A;border-width:26%;border-radius:0px\">\n<div class=\"wp-block-column is-vertically-aligned-center is-layout-flow wp-block-column-is-layout-flow\" style=\"flex-basis:25%\"><figure style=\"aspect-ratio:16\/9;\" class=\"wp-block-post-featured-image\"><a href=\"http:\/\/www.bloguecornella.es\/wordpress\/2025\/09\/04\/entrevista-entrenador-ue-cornella-ignasi-senabre-recuperar-la-esencia-de-que-sufran-cuando-juegan-contra-el-cornella\/\" target=\"_self\"  ><img loading=\"lazy\" decoding=\"async\" width=\"2048\" height=\"1536\" src=\"https:\/\/i0.wp.com\/www.bloguecornella.es\/wordpress\/wp-content\/uploads\/2025\/09\/IMG_2949.jpeg?fit=2048%2C1536\" class=\"attachment-full size-full wp-post-image\" alt=\"Entrevista entrenador UE Cornell\u00e0 &#8211; Ignasi Senabre: \u00abRecuperar esa esencia de que sufran cuando jueguen contra la UE Cornell\u00e0\u00bb\" style=\"width:100%;height:100%;object-fit:fill;\" srcset=\"https:\/\/i0.wp.com\/www.bloguecornella.es\/wordpress\/wp-content\/uploads\/2025\/09\/IMG_2949.jpeg?w=2048 2048w, https:\/\/i0.wp.com\/www.bloguecornella.es\/wordpress\/wp-content\/uploads\/2025\/09\/IMG_2949.jpeg?resize=300%2C225 300w, https:\/\/i0.wp.com\/www.bloguecornella.es\/wordpress\/wp-content\/uploads\/2025\/09\/IMG_2949.jpeg?resize=1024%2C768 1024w, https:\/\/i0.wp.com\/www.bloguecornella.es\/wordpress\/wp-content\/uploads\/2025\/09\/IMG_2949.jpeg?resize=768%2C576 768w, https:\/\/i0.wp.com\/www.bloguecornella.es\/wordpress\/wp-content\/uploads\/2025\/09\/IMG_2949.jpeg?resize=1536%2C1152 1536w, https:\/\/i0.wp.com\/www.bloguecornella.es\/wordpress\/wp-content\/uploads\/2025\/09\/IMG_2949.jpeg?resize=128%2C96 128w, https:\/\/i0.wp.com\/www.bloguecornella.es\/wordpress\/wp-content\/uploads\/2025\/09\/IMG_2949.jpeg?resize=32%2C24 32w\" sizes=\"auto, (max-width: 1000px) 100vw, 1000px\" \/><\/a><\/figure><\/div>\n\n\n\n<div class=\"wp-block-column is-vertically-aligned-center is-layout-flow wp-block-column-is-layout-flow\" style=\"flex-basis:75%\"><h2 class=\"wp-block-post-title has-large-font-size\"><a href=\"http:\/\/www.bloguecornella.es\/wordpress\/2025\/09\/04\/entrevista-entrenador-ue-cornella-ignasi-senabre-recuperar-la-esencia-de-que-sufran-cuando-juegan-contra-el-cornella\/\" target=\"_self\" >Entrevista entrenador UE Cornell\u00e0 &#8211; Ignasi Senabre: \u00abRecuperar esa esencia de que sufran cuando jueguen contra la UE Cornell\u00e0\u00bb<\/a><\/h2><\/div>\n<\/div>\n\n<\/li><li class=\"wp-block-post post-1296 post type-post status-publish format-standard has-post-thumbnail hentry category-entrevista category-temporada-24-25 category-ue-cornella tag-entrevista tag-temporada-2024-25 tag-ue-cornella-2\">\n\n<div class=\"wp-block-columns are-vertically-aligned-center has-border-color is-layout-flex wp-container-core-columns-is-layout-28f84493 wp-block-columns-is-layout-flex\" style=\"border-color:#2A2A2A;border-width:26%;border-radius:0px\">\n<div class=\"wp-block-column is-vertically-aligned-center is-layout-flow wp-block-column-is-layout-flow\" style=\"flex-basis:25%\"><figure style=\"aspect-ratio:16\/9;\" class=\"wp-block-post-featured-image\"><a href=\"http:\/\/www.bloguecornella.es\/wordpress\/2025\/04\/29\/entrevista-cornehools\/\" target=\"_self\"  ><img loading=\"lazy\" decoding=\"async\" width=\"1038\" height=\"702\" src=\"https:\/\/i0.wp.com\/www.bloguecornella.es\/wordpress\/wp-content\/uploads\/2025\/04\/Cornehools-1.jpg?fit=1038%2C702\" class=\"attachment-full size-full wp-post-image\" alt=\"Entrevista a los Cornehools: \u00abNuestro sue\u00f1o es un fondo en el que animar y crecer como grupo y masa social. No importa la divisi\u00f3n\u00bb\" style=\"width:100%;height:100%;object-fit:fill;\" srcset=\"https:\/\/i0.wp.com\/www.bloguecornella.es\/wordpress\/wp-content\/uploads\/2025\/04\/Cornehools-1.jpg?w=1038 1038w, https:\/\/i0.wp.com\/www.bloguecornella.es\/wordpress\/wp-content\/uploads\/2025\/04\/Cornehools-1.jpg?resize=300%2C203 300w, https:\/\/i0.wp.com\/www.bloguecornella.es\/wordpress\/wp-content\/uploads\/2025\/04\/Cornehools-1.jpg?resize=1024%2C693 1024w, https:\/\/i0.wp.com\/www.bloguecornella.es\/wordpress\/wp-content\/uploads\/2025\/04\/Cornehools-1.jpg?resize=768%2C519 768w\" sizes=\"auto, (max-width: 1000px) 100vw, 1000px\" \/><\/a><\/figure><\/div>\n\n\n\n<div class=\"wp-block-column is-vertically-aligned-center is-layout-flow wp-block-column-is-layout-flow\" style=\"flex-basis:75%\"><h2 class=\"wp-block-post-title has-large-font-size\"><a href=\"http:\/\/www.bloguecornella.es\/wordpress\/2025\/04\/29\/entrevista-cornehools\/\" target=\"_self\" >Entrevista a los Cornehools: \u00abNuestro sue\u00f1o es un fondo en el que animar y crecer como grupo y masa social. No importa la divisi\u00f3n\u00bb<\/a><\/h2><\/div>\n<\/div>\n\n<\/li><\/ul><\/div>\n","protected":false},"excerpt":{"rendered":"<p>Aqu\u00ed, podr\u00e1s ver todas las entrevistas realizadas a trav\u00e9s de nuestro medio.<\/p>\n","protected":false},"author":1,"featured_media":0,"parent":0,"menu_order":0,"comment_status":"closed","ping_status":"closed","template":"","meta":{"_eb_attr":"","advanced_seo_description":"","jetpack_seo_html_title":"","jetpack_seo_noindex":false,"jetpack_post_was_ever_published":false,"footnotes":""},"class_list":["post-2641","page","type-page","status-publish","hentry"],"jetpack_sharing_enabled":true,"jetpack-related-posts":[{"id":1041,"url":"http:\/\/www.bloguecornella.es\/wordpress\/vlog\/","url_meta":{"origin":2641,"position":0},"title":"Media","author":"bloguecornella","date":"6 de marzo de 2025","format":false,"excerpt":"En est\u00e1 p\u00e1gina, podr\u00e1s visualizar el contenido visual del Blog de la UE Cornell\u00e0, entre videos, entrevistas y directos. Vlogs - Youtube https:\/\/www.youtube.com\/watch?v=PejVPl0CgoU https:\/\/youtu.be\/4ean1z9LsPs https:\/\/youtu.be\/FMLega31JkU https:\/\/youtu.be\/gA5qtx-qMr0 https:\/\/youtu.be\/jWT3foZk6K0 Entrevistas","rel":"","context":"Entrada similar","block_context":{"text":"Entrada similar","link":""},"img":{"alt_text":"","src":"https:\/\/i0.wp.com\/img.youtube.com\/vi\/PejVPl0CgoU\/0.jpg?resize=350%2C200","width":350,"height":200},"classes":[]},{"id":384,"url":"http:\/\/www.bloguecornella.es\/wordpress\/historia-cd-almeda\/","url_meta":{"origin":2641,"position":1},"title":"Historia CD Almeda","author":"bloguecornella","date":"4 de noviembre de 2024","format":false,"excerpt":"En est\u00e1 p\u00e1gina, se podr\u00e1 ver toda la trayectoria del CD Almeda desde la temporada 2014-15 en adelante. TemporadaCategor\u00edaGrupoPosici\u00f3nPuntos2023\/242\u00aa Catalana35\u00ba572022\/232\u00aa Catalana3A6\u00ba282021\/222\u00aa Catalana311\u00ba322020\/21*2\u00aa Catalana32\u00ba32019\/20*2\u00aa Catalana38\u00ba232018\/193\u00aa Catalana101\u00ba752017\/183\u00aa Catalana105\u00ba552016\/173\u00aa Catalana107\u00ba512015\/163\u00aa Catalana1013\u00ba442014\/153\u00aa Catalana1013\u00ba40 Notas: La temporada 2019\/20 se paro en la Jornada 23 por la pandemia. La temporada 2020\/21 se paro en la Jornada\u2026","rel":"","context":"Entrada similar","block_context":{"text":"Entrada similar","link":""},"img":{"alt_text":"","src":"","width":0,"height":0},"classes":[]},{"id":608,"url":"http:\/\/www.bloguecornella.es\/wordpress\/opinion\/","url_meta":{"origin":2641,"position":2},"title":"Opini\u00f3n","author":"bloguecornella","date":"3 de diciembre de 2024","format":false,"excerpt":"Aqu\u00ed encontrareis todos los art\u00edculos de opini\u00f3n que he ido realizando sobre la UE Cornella y sus equipos.","rel":"","context":"Entrada similar","block_context":{"text":"Entrada similar","link":""},"img":{"alt_text":"","src":"","width":0,"height":0},"classes":[]},{"id":3710,"url":"http:\/\/www.bloguecornella.es\/wordpress\/pagina-en-construccion\/","url_meta":{"origin":2641,"position":3},"title":"P\u00e1gina en Construcci\u00f3n","author":"bloguecornella","date":"21 de enero de 2026","format":false,"excerpt":"Actualmente, se est\u00e1 trabajando en la mejora de este espacio en el Blog. Mantente alerta... \u00a1porque aqu\u00ed pasar\u00e1n cosas!","rel":"","context":"Entrada similar","block_context":{"text":"Entrada similar","link":""},"img":{"alt_text":"","src":"","width":0,"height":0},"classes":[]},{"id":390,"url":"http:\/\/www.bloguecornella.es\/wordpress\/historia-cd-fontsanta-fatjo\/","url_meta":{"origin":2641,"position":4},"title":"Historia CD Fontsanta Fatjo","author":"bloguecornella","date":"5 de noviembre de 2024","format":false,"excerpt":"En est\u00e1 p\u00e1gina, se podr\u00e1 consultar la trayectoria del CD Fontsanta Fatjo, desde la temporada 2014-15 hasta la actualidad. TemporadaCategor\u00edaGrupoPuestoPuntos2023\/243\u00aa Catalana125\u00ba522022\/233\u00aa Catalana105\u00ba602021\/222\u00aa Catalana415\u00ba182020\/21*2\u00aa Catalana610\u00ba02019\/20*2\u00aa Catalana314\u00ba272018\/192\u00aa Catalana39\u00ba482017\/182\u00aa Catalana36\u00ba542016\/172\u00aa Catalana35\u00ba532015\/162\u00aa Catalana313\u00ba422014\/153\u00aa Catalana101\u00ba85 Nota: En la temporada 2020\/21 se suspendi\u00f3 la competici\u00f3n, por la pandemia, en la jornada 2. En la temporada 2019\/20\u2026","rel":"","context":"Entrada similar","block_context":{"text":"Entrada similar","link":""},"img":{"alt_text":"","src":"","width":0,"height":0},"classes":[]},{"id":1621,"url":"http:\/\/www.bloguecornella.es\/wordpress\/mercado-3a-federacion-25-26\/","url_meta":{"origin":2641,"position":5},"title":"Mercado 3\u00aa Federaci\u00f3n 25\/26","author":"bloguecornella","date":"6 de junio de 2025","format":false,"excerpt":"Actualizado a fecha 16\/07\/2025 EquipoRenovacionesBajasAltasCE L'Hospitalet(8 Renovaciones, 15 bajas, 13 fichajes)Max Rodriguez, Josep Serrano, Ruben Cruz, Adria Aliaga, Ramon Marimon, Joel Laso, Vitalie Penetelei, Pol BallesterosMamau Jabbie, Adri Diaz, Izan Maldonado, Ton Alcover, Sanku Jabbie, Jose Canario, Jorge Carreron, Sehou Sarr, Steve Aldo One, Damian Navarro, Lucas Pariente, Nil Valero,\u2026","rel":"","context":"Entrada similar","block_context":{"text":"Entrada similar","link":""},"img":{"alt_text":"","src":"https:\/\/i0.wp.com\/www.bloguecornella.es\/wordpress\/wp-content\/uploads\/2025\/06\/Logo-3a-Federacion-sin-bgr.png?fit=567%2C597&resize=350%2C200","width":350,"height":200,"srcset":"https:\/\/i0.wp.com\/www.bloguecornella.es\/wordpress\/wp-content\/uploads\/2025\/06\/Logo-3a-Federacion-sin-bgr.png?fit=567%2C597&resize=350%2C200 1x, https:\/\/i0.wp.com\/www.bloguecornella.es\/wordpress\/wp-content\/uploads\/2025\/06\/Logo-3a-Federacion-sin-bgr.png?fit=567%2C597&resize=525%2C300 1.5x"},"classes":[]}],"_links":{"self":[{"href":"http:\/\/www.bloguecornella.es\/wordpress\/wp-json\/wp\/v2\/pages\/2641","targetHints":{"allow":["GET"]}}],"collection":[{"href":"http:\/\/www.bloguecornella.es\/wordpress\/wp-json\/wp\/v2\/pages"}],"about":[{"href":"http:\/\/www.bloguecornella.es\/wordpress\/wp-json\/wp\/v2\/types\/page"}],"author":[{"embeddable":true,"href":"http:\/\/www.bloguecornella.es\/wordpress\/wp-json\/wp\/v2\/users\/1"}],"replies":[{"embeddable":true,"href":"http:\/\/www.bloguecornella.es\/wordpress\/wp-json\/wp\/v2\/comments?post=2641"}],"version-history":[{"count":11,"href":"http:\/\/www.bloguecornella.es\/wordpress\/wp-json\/wp\/v2\/pages\/2641\/revisions"}],"predecessor-version":[{"id":3056,"href":"http:\/\/www.bloguecornella.es\/wordpress\/wp-json\/wp\/v2\/pages\/2641\/revisions\/3056"}],"wp:attachment":[{"href":"http:\/\/www.bloguecornella.es\/wordpress\/wp-json\/wp\/v2\/media?parent=2641"}],"curies":[{"name":"wp","href":"https:\/\/api.w.org\/{rel}","templated":true}]}}