{"id":1303,"date":"2025-05-05T13:37:40","date_gmt":"2025-05-05T11:37:40","guid":{"rendered":"http:\/\/www.bloguecornella.es\/wordpress\/?page_id=1303"},"modified":"2025-11-03T15:36:19","modified_gmt":"2025-11-03T14:36:19","slug":"ue-cornella-juvenil-a-division-honor-grupo-3","status":"publish","type":"page","link":"http:\/\/www.bloguecornella.es\/wordpress\/ue-cornella-juvenil-a-division-honor-grupo-3\/","title":{"rendered":"UE Cornell\u00e0 &#8211; Juvenil A"},"content":{"rendered":"\n<div class=\"wp-block-columns is-layout-flex wp-container-core-columns-is-layout-28f84493 wp-block-columns-is-layout-flex\">\n<div class=\"wp-block-column is-layout-flow wp-block-column-is-layout-flow\" style=\"flex-basis:100%\">\n<p class=\"has-text-align-center has-medium-font-size\"><strong>\u00daltimas noticias sobre el Juvenil A de la UE Cornell\u00e0 masculino.<\/strong><\/p>\n\n\n\n<div class=\"wp-block-query has-global-padding is-layout-constrained wp-block-query-is-layout-constrained\"><ul class=\"wp-block-post-template is-layout-flow wp-block-post-template-is-layout-flow\"><li class=\"wp-block-post post-3476 post type-post status-publish format-standard has-post-thumbnail hentry category-juvenil-a-masculino category-juvenil-dh-grupo-3 category-opinion category-temporada-2025-26 tag-juvenil-a-masculino tag-opinion tag-temporada-2025-26 tag-ue-cornella-2\">\n\n<div class=\"wp-block-columns are-vertically-aligned-center has-border-color has-contrast-border-color is-layout-flex wp-container-core-columns-is-layout-28f84493 wp-block-columns-is-layout-flex\" style=\"border-width:2px\">\n<div class=\"wp-block-column is-vertically-aligned-center is-layout-flow wp-block-column-is-layout-flow\" style=\"flex-basis:25%\"><figure style=\"aspect-ratio:16\/9;\" class=\"wp-block-post-featured-image\"><a href=\"http:\/\/www.bloguecornella.es\/wordpress\/2026\/01\/14\/valoracion-juvenil-a-1a-vuelta-25-26\/\" target=\"_self\"  ><img data-recalc-dims=\"1\" loading=\"lazy\" decoding=\"async\" width=\"940\" height=\"529\" src=\"https:\/\/i0.wp.com\/www.bloguecornella.es\/wordpress\/wp-content\/uploads\/2026\/01\/Valoraciones-2526-1.png?resize=940%2C529\" class=\"attachment-post-thumbnail size-post-thumbnail wp-post-image\" alt=\"Valoraci\u00f3n Juvenil A 1\u00aa vuelta 25\/26 \u00abLa peor temporada en m\u00e1s de 15 a\u00f1os en DH\u00bb\" style=\"width:100%;height:100%;object-fit:cover;\" srcset=\"https:\/\/i0.wp.com\/www.bloguecornella.es\/wordpress\/wp-content\/uploads\/2026\/01\/Valoraciones-2526-1.png?w=940 940w, https:\/\/i0.wp.com\/www.bloguecornella.es\/wordpress\/wp-content\/uploads\/2026\/01\/Valoraciones-2526-1.png?resize=300%2C169 300w, https:\/\/i0.wp.com\/www.bloguecornella.es\/wordpress\/wp-content\/uploads\/2026\/01\/Valoraciones-2526-1.png?resize=768%2C432 768w, https:\/\/i0.wp.com\/www.bloguecornella.es\/wordpress\/wp-content\/uploads\/2026\/01\/Valoraciones-2526-1.png?resize=128%2C72 128w, https:\/\/i0.wp.com\/www.bloguecornella.es\/wordpress\/wp-content\/uploads\/2026\/01\/Valoraciones-2526-1.png?resize=32%2C18 32w\" sizes=\"auto, (max-width: 940px) 100vw, 940px\" \/><\/a><\/figure><\/div>\n\n\n\n<div class=\"wp-block-column is-vertically-aligned-center is-layout-flow wp-block-column-is-layout-flow\" style=\"flex-basis:75%\"><h2 class=\"wp-block-post-title has-large-font-size\"><a href=\"http:\/\/www.bloguecornella.es\/wordpress\/2026\/01\/14\/valoracion-juvenil-a-1a-vuelta-25-26\/\" target=\"_self\" >Valoraci\u00f3n Juvenil A 1\u00aa vuelta 25\/26 \u00abLa peor temporada en m\u00e1s de 15 a\u00f1os en DH\u00bb<\/a><\/h2><\/div>\n<\/div>\n\n<\/li><li class=\"wp-block-post post-2173 post type-post status-publish format-standard has-post-thumbnail hentry category-juvenil-a-masculino category-pretemporada-2025-26 category-temporada-2025-26 category-torneo-sant-roc-vila-darenys tag-juvenil-a-masculino tag-pretemporada-2025-26 tag-ruben-pellitero tag-temporada-2025-26 tag-torneig-sant-roc-vila-darenys\">\n\n<div class=\"wp-block-columns are-vertically-aligned-center has-border-color has-contrast-border-color is-layout-flex wp-container-core-columns-is-layout-28f84493 wp-block-columns-is-layout-flex\" style=\"border-width:2px\">\n<div class=\"wp-block-column is-vertically-aligned-center is-layout-flow wp-block-column-is-layout-flow\" style=\"flex-basis:25%\"><figure style=\"aspect-ratio:16\/9;\" class=\"wp-block-post-featured-image\"><a href=\"http:\/\/www.bloguecornella.es\/wordpress\/2025\/08\/14\/cronica-torneo-sant-roc-un-5o-puesto-con-sabor-a-derrota\/\" target=\"_self\"  ><img data-recalc-dims=\"1\" loading=\"lazy\" decoding=\"async\" width=\"941\" height=\"529\" src=\"https:\/\/i0.wp.com\/www.bloguecornella.es\/wordpress\/wp-content\/uploads\/2025\/08\/07-10-Agosto-2025-1.png?resize=941%2C529\" class=\"attachment-post-thumbnail size-post-thumbnail wp-post-image\" alt=\"Cr\u00f3nica Torneo Sant Roc: \u00abUn 5\u00ba puesto con sabor a derrota\u00bb\" style=\"width:100%;height:100%;object-fit:cover;\" srcset=\"https:\/\/i0.wp.com\/www.bloguecornella.es\/wordpress\/wp-content\/uploads\/2025\/08\/07-10-Agosto-2025-1.png?w=941 941w, https:\/\/i0.wp.com\/www.bloguecornella.es\/wordpress\/wp-content\/uploads\/2025\/08\/07-10-Agosto-2025-1.png?resize=300%2C169 300w, https:\/\/i0.wp.com\/www.bloguecornella.es\/wordpress\/wp-content\/uploads\/2025\/08\/07-10-Agosto-2025-1.png?resize=768%2C432 768w, https:\/\/i0.wp.com\/www.bloguecornella.es\/wordpress\/wp-content\/uploads\/2025\/08\/07-10-Agosto-2025-1.png?resize=128%2C72 128w, https:\/\/i0.wp.com\/www.bloguecornella.es\/wordpress\/wp-content\/uploads\/2025\/08\/07-10-Agosto-2025-1.png?resize=32%2C18 32w\" sizes=\"auto, (max-width: 941px) 100vw, 941px\" \/><\/a><\/figure><\/div>\n\n\n\n<div class=\"wp-block-column is-vertically-aligned-center is-layout-flow wp-block-column-is-layout-flow\" style=\"flex-basis:75%\"><h2 class=\"wp-block-post-title has-large-font-size\"><a href=\"http:\/\/www.bloguecornella.es\/wordpress\/2025\/08\/14\/cronica-torneo-sant-roc-un-5o-puesto-con-sabor-a-derrota\/\" target=\"_self\" >Cr\u00f3nica Torneo Sant Roc: \u00abUn 5\u00ba puesto con sabor a derrota\u00bb<\/a><\/h2><\/div>\n<\/div>\n\n<\/li><li class=\"wp-block-post post-2063 post type-post status-publish format-standard has-post-thumbnail hentry category-juvenil-a-masculino category-pretemporada-2025-26 category-temporada-2025-26 category-torneo-sant-roc-vila-darenys tag-juvenil-a-masculino tag-previa tag-temporada-2025-26 tag-torneig-sant-roc-vila-darenys tag-ue-cornella\">\n\n<div class=\"wp-block-columns are-vertically-aligned-center has-border-color has-contrast-border-color is-layout-flex wp-container-core-columns-is-layout-28f84493 wp-block-columns-is-layout-flex\" style=\"border-width:2px\">\n<div class=\"wp-block-column is-vertically-aligned-center is-layout-flow wp-block-column-is-layout-flow\" style=\"flex-basis:25%\"><figure style=\"aspect-ratio:16\/9;\" class=\"wp-block-post-featured-image\"><a href=\"http:\/\/www.bloguecornella.es\/wordpress\/2025\/08\/06\/torneo-sant-roc-vila-darenys-07-10-agosto-la-primera-copa\/\" target=\"_self\"  ><img data-recalc-dims=\"1\" loading=\"lazy\" decoding=\"async\" width=\"941\" height=\"529\" src=\"https:\/\/i0.wp.com\/www.bloguecornella.es\/wordpress\/wp-content\/uploads\/2025\/08\/07-10-Agosto-2025.png?resize=941%2C529\" class=\"attachment-post-thumbnail size-post-thumbnail wp-post-image\" alt=\"Torneo Sant Roc Vila d&#8217;Arenys (07-10 Agosto) &#8211; \u00bfLa primera copa?\" style=\"width:100%;height:100%;object-fit:cover;\" srcset=\"https:\/\/i0.wp.com\/www.bloguecornella.es\/wordpress\/wp-content\/uploads\/2025\/08\/07-10-Agosto-2025.png?w=941 941w, https:\/\/i0.wp.com\/www.bloguecornella.es\/wordpress\/wp-content\/uploads\/2025\/08\/07-10-Agosto-2025.png?resize=300%2C169 300w, https:\/\/i0.wp.com\/www.bloguecornella.es\/wordpress\/wp-content\/uploads\/2025\/08\/07-10-Agosto-2025.png?resize=768%2C432 768w, https:\/\/i0.wp.com\/www.bloguecornella.es\/wordpress\/wp-content\/uploads\/2025\/08\/07-10-Agosto-2025.png?resize=128%2C72 128w, https:\/\/i0.wp.com\/www.bloguecornella.es\/wordpress\/wp-content\/uploads\/2025\/08\/07-10-Agosto-2025.png?resize=32%2C18 32w\" sizes=\"auto, (max-width: 941px) 100vw, 941px\" \/><\/a><\/figure><\/div>\n\n\n\n<div class=\"wp-block-column is-vertically-aligned-center is-layout-flow wp-block-column-is-layout-flow\" style=\"flex-basis:75%\"><h2 class=\"wp-block-post-title has-large-font-size\"><a href=\"http:\/\/www.bloguecornella.es\/wordpress\/2025\/08\/06\/torneo-sant-roc-vila-darenys-07-10-agosto-la-primera-copa\/\" target=\"_self\" >Torneo Sant Roc Vila d&#8217;Arenys (07-10 Agosto) &#8211; \u00bfLa primera copa?<\/a><\/h2><\/div>\n<\/div>\n\n<\/li><li class=\"wp-block-post post-2050 post type-post status-publish format-standard has-post-thumbnail hentry category-juvenil-a-masculino category-juvenil-dh-grupo-3 category-pretemporada-2025-26 category-temporada-2025-26 category-tercera-federacion-grupo-v category-ue-cornella tag-juvenil-a-masculino tag-pretemporada-2025-26 tag-temporada-2025-26 tag-ue-cornella\">\n\n<div class=\"wp-block-columns are-vertically-aligned-center has-border-color has-contrast-border-color is-layout-flex wp-container-core-columns-is-layout-28f84493 wp-block-columns-is-layout-flex\" style=\"border-width:2px\">\n<div class=\"wp-block-column is-vertically-aligned-center is-layout-flow wp-block-column-is-layout-flow\" style=\"flex-basis:25%\"><figure style=\"aspect-ratio:16\/9;\" class=\"wp-block-post-featured-image\"><a href=\"http:\/\/www.bloguecornella.es\/wordpress\/2025\/08\/01\/los-5-canteranos-de-la-pretemporada-2-fichajes-y-2-subidas-del-juvenil-b-y-jordi-saucedo\/\" target=\"_self\"  ><img data-recalc-dims=\"1\" loading=\"lazy\" decoding=\"async\" width=\"2048\" height=\"2048\" src=\"https:\/\/i0.wp.com\/www.bloguecornella.es\/wordpress\/wp-content\/uploads\/2025\/08\/5-juveniles-pretemporada.jpeg?resize=2048%2C2048\" class=\"attachment-post-thumbnail size-post-thumbnail wp-post-image\" alt=\"Los 5 canteranos de la pretemporada &#8211; 2 fichajes y 2 subidas del Juvenil B y Jordi Saucedo\" style=\"width:100%;height:100%;object-fit:cover;\" srcset=\"https:\/\/i0.wp.com\/www.bloguecornella.es\/wordpress\/wp-content\/uploads\/2025\/08\/5-juveniles-pretemporada.jpeg?w=2048 2048w, https:\/\/i0.wp.com\/www.bloguecornella.es\/wordpress\/wp-content\/uploads\/2025\/08\/5-juveniles-pretemporada.jpeg?resize=300%2C300 300w, https:\/\/i0.wp.com\/www.bloguecornella.es\/wordpress\/wp-content\/uploads\/2025\/08\/5-juveniles-pretemporada.jpeg?resize=1024%2C1024 1024w, https:\/\/i0.wp.com\/www.bloguecornella.es\/wordpress\/wp-content\/uploads\/2025\/08\/5-juveniles-pretemporada.jpeg?resize=150%2C150 150w, https:\/\/i0.wp.com\/www.bloguecornella.es\/wordpress\/wp-content\/uploads\/2025\/08\/5-juveniles-pretemporada.jpeg?resize=768%2C768 768w, https:\/\/i0.wp.com\/www.bloguecornella.es\/wordpress\/wp-content\/uploads\/2025\/08\/5-juveniles-pretemporada.jpeg?resize=1536%2C1536 1536w, https:\/\/i0.wp.com\/www.bloguecornella.es\/wordpress\/wp-content\/uploads\/2025\/08\/5-juveniles-pretemporada.jpeg?resize=128%2C128 128w, https:\/\/i0.wp.com\/www.bloguecornella.es\/wordpress\/wp-content\/uploads\/2025\/08\/5-juveniles-pretemporada.jpeg?resize=32%2C32 32w\" sizes=\"auto, (max-width: 1000px) 100vw, 1000px\" \/><\/a><\/figure><\/div>\n\n\n\n<div class=\"wp-block-column is-vertically-aligned-center is-layout-flow wp-block-column-is-layout-flow\" style=\"flex-basis:75%\"><h2 class=\"wp-block-post-title has-large-font-size\"><a href=\"http:\/\/www.bloguecornella.es\/wordpress\/2025\/08\/01\/los-5-canteranos-de-la-pretemporada-2-fichajes-y-2-subidas-del-juvenil-b-y-jordi-saucedo\/\" target=\"_self\" >Los 5 canteranos de la pretemporada &#8211; 2 fichajes y 2 subidas del Juvenil B y Jordi Saucedo<\/a><\/h2><\/div>\n<\/div>\n\n<\/li><li class=\"wp-block-post post-2024 post type-post status-publish format-standard has-post-thumbnail hentry category-juvenil-a-masculino category-juvenil-dh-grupo-3 category-pretemporada-2025-26 category-temporada-2025-26 tag-juvenil-a-masculino tag-pretemporada-2025-26 tag-ruben-pellitero tag-temporada-2025-26\">\n\n<div class=\"wp-block-columns are-vertically-aligned-center has-border-color has-contrast-border-color is-layout-flex wp-container-core-columns-is-layout-28f84493 wp-block-columns-is-layout-flex\" style=\"border-width:2px\">\n<div class=\"wp-block-column is-vertically-aligned-center is-layout-flow wp-block-column-is-layout-flow\" style=\"flex-basis:25%\"><figure style=\"aspect-ratio:16\/9;\" class=\"wp-block-post-featured-image\"><a href=\"http:\/\/www.bloguecornella.es\/wordpress\/2025\/07\/28\/pretemporada-juvenil-a-nivel-alto-para-estar-preparados\/\" target=\"_self\"  ><img data-recalc-dims=\"1\" loading=\"lazy\" decoding=\"async\" width=\"920\" height=\"529\" src=\"https:\/\/i0.wp.com\/www.bloguecornella.es\/wordpress\/wp-content\/uploads\/2025\/07\/Pretemporada-202526-Juvenil-A-UE-Cornella.png?resize=920%2C529\" class=\"attachment-post-thumbnail size-post-thumbnail wp-post-image\" alt=\"Pretemporada Juvenil A: \u00abNivel alto para estar preparados\u00bb\" style=\"width:100%;height:100%;object-fit:cover;\" srcset=\"https:\/\/i0.wp.com\/www.bloguecornella.es\/wordpress\/wp-content\/uploads\/2025\/07\/Pretemporada-202526-Juvenil-A-UE-Cornella.png?w=920 920w, https:\/\/i0.wp.com\/www.bloguecornella.es\/wordpress\/wp-content\/uploads\/2025\/07\/Pretemporada-202526-Juvenil-A-UE-Cornella.png?resize=300%2C173 300w, https:\/\/i0.wp.com\/www.bloguecornella.es\/wordpress\/wp-content\/uploads\/2025\/07\/Pretemporada-202526-Juvenil-A-UE-Cornella.png?resize=768%2C442 768w, https:\/\/i0.wp.com\/www.bloguecornella.es\/wordpress\/wp-content\/uploads\/2025\/07\/Pretemporada-202526-Juvenil-A-UE-Cornella.png?resize=128%2C74 128w, https:\/\/i0.wp.com\/www.bloguecornella.es\/wordpress\/wp-content\/uploads\/2025\/07\/Pretemporada-202526-Juvenil-A-UE-Cornella.png?resize=32%2C18 32w\" sizes=\"auto, (max-width: 920px) 100vw, 920px\" \/><\/a><\/figure><\/div>\n\n\n\n<div class=\"wp-block-column is-vertically-aligned-center is-layout-flow wp-block-column-is-layout-flow\" style=\"flex-basis:75%\"><h2 class=\"wp-block-post-title has-large-font-size\"><a href=\"http:\/\/www.bloguecornella.es\/wordpress\/2025\/07\/28\/pretemporada-juvenil-a-nivel-alto-para-estar-preparados\/\" target=\"_self\" >Pretemporada Juvenil A: \u00abNivel alto para estar preparados\u00bb<\/a><\/h2><\/div>\n<\/div>\n\n<\/li><li class=\"wp-block-post post-1459 post type-post status-publish format-standard has-post-thumbnail hentry category-juvenil-a-masculino category-juvenil-dh-grupo-3 category-pretemporada-2025-26 tag-juvenil-a-masculino tag-pretemporada-2025-26 tag-temporada-2025-26 tag-ue-cornella\">\n\n<div class=\"wp-block-columns are-vertically-aligned-center has-border-color has-contrast-border-color is-layout-flex wp-container-core-columns-is-layout-28f84493 wp-block-columns-is-layout-flex\" style=\"border-width:2px\">\n<div class=\"wp-block-column is-vertically-aligned-center is-layout-flow wp-block-column-is-layout-flow\" style=\"flex-basis:25%\"><figure style=\"aspect-ratio:16\/9;\" class=\"wp-block-post-featured-image\"><a href=\"http:\/\/www.bloguecornella.es\/wordpress\/2025\/05\/19\/juvenil-a-masculino-24-25-salvados-epicamente-pero-ningun-ano-mas\/\" target=\"_self\"  ><img data-recalc-dims=\"1\" loading=\"lazy\" decoding=\"async\" width=\"2048\" height=\"1536\" src=\"https:\/\/i0.wp.com\/www.bloguecornella.es\/wordpress\/wp-content\/uploads\/2025\/05\/IMG_8966.jpeg?resize=2048%2C1536\" class=\"attachment-post-thumbnail size-post-thumbnail wp-post-image\" alt=\"Juvenil A Masculino 24\/25 &#8211; \u00abSalvados \u00e9picamente&#8230; pero ning\u00fan a\u00f1o m\u00e1s\u00bb\" style=\"width:100%;height:100%;object-fit:cover;\" srcset=\"https:\/\/i0.wp.com\/www.bloguecornella.es\/wordpress\/wp-content\/uploads\/2025\/05\/IMG_8966.jpeg?w=2048 2048w, https:\/\/i0.wp.com\/www.bloguecornella.es\/wordpress\/wp-content\/uploads\/2025\/05\/IMG_8966.jpeg?resize=300%2C225 300w, https:\/\/i0.wp.com\/www.bloguecornella.es\/wordpress\/wp-content\/uploads\/2025\/05\/IMG_8966.jpeg?resize=1024%2C768 1024w, https:\/\/i0.wp.com\/www.bloguecornella.es\/wordpress\/wp-content\/uploads\/2025\/05\/IMG_8966.jpeg?resize=768%2C576 768w, https:\/\/i0.wp.com\/www.bloguecornella.es\/wordpress\/wp-content\/uploads\/2025\/05\/IMG_8966.jpeg?resize=1536%2C1152 1536w\" sizes=\"auto, (max-width: 1000px) 100vw, 1000px\" \/><\/a><\/figure><\/div>\n\n\n\n<div class=\"wp-block-column is-vertically-aligned-center is-layout-flow wp-block-column-is-layout-flow\" style=\"flex-basis:75%\"><h2 class=\"wp-block-post-title has-large-font-size\"><a href=\"http:\/\/www.bloguecornella.es\/wordpress\/2025\/05\/19\/juvenil-a-masculino-24-25-salvados-epicamente-pero-ningun-ano-mas\/\" target=\"_self\" >Juvenil A Masculino 24\/25 &#8211; \u00abSalvados \u00e9picamente&#8230; pero ning\u00fan a\u00f1o m\u00e1s\u00bb<\/a><\/h2><\/div>\n<\/div>\n\n<\/li><\/ul><\/div>\n\n\n\n<p class=\"has-text-align-center has-medium-font-size\"><strong>Enlaces de inter\u00e9s<\/strong><\/p>\n\n\n\n<div class=\"wp-block-buttons has-custom-font-size has-small-font-size is-vertical is-content-justification-center is-nowrap is-layout-flex wp-container-core-buttons-is-layout-068e796f wp-block-buttons-is-layout-flex\" style=\"border-style:none;border-width:0px;border-radius:100px;padding-top:var(--wp--preset--spacing--30);padding-bottom:var(--wp--preset--spacing--30)\">\n<div class=\"wp-block-button has-custom-width wp-block-button__width-100\"><a class=\"wp-block-button__link wp-element-button\" href=\"http:\/\/www.bloguecornella.es\/wordpress\/calendario-25-26-juvenil-a-ue-cornella\/\">Calendario Temporada 2025\/26<\/a><\/div>\n\n\n\n<div class=\"wp-block-button has-custom-width wp-block-button__width-100\"><a class=\"wp-block-button__link wp-element-button\" href=\"http:\/\/www.bloguecornella.es\/wordpress\/table\/clasificacion-juvenil-division-honor-grupo-3-2025-26\/\">Clasificaci\u00f3n Juvenil Divisi\u00f3n Honor 2025\/26<\/a><\/div>\n\n\n\n<div class=\"wp-block-button has-custom-width wp-block-button__width-100\"><a class=\"wp-block-button__link wp-element-button\" href=\"http:\/\/www.bloguecornella.es\/wordpress\/historia-juvenil-a-ue-cornella\/\" target=\"_blank\" rel=\"noreferrer noopener\">Historia Juvenil A &#8211; UE Cornell\u00e0<\/a><\/div>\n<\/div>\n\n\n\n<p class=\"has-text-align-center\" style=\"padding-top:var(--wp--preset--spacing--30);padding-bottom:var(--wp--preset--spacing--30)\"><strong>Clasificaci\u00f3n Divisi\u00f3n Honor Juvenil &#8211; Grupo 3 Temporada 2025\/26&nbsp;<\/strong><\/p>\n<\/div>\n<\/div>\n\n\n<div class=\"sportspress\"><div class=\"sp-template sp-template-league-table\">\n\t<h4 class=\"sp-table-caption\">Clasificaci\u00f3n Juvenil Divisi\u00f3n Honor - Grupo 3 - 2025\/26<\/h4><div class=\"sp-table-wrapper\"><table class=\"sp-league-table sp-league-table-2444 sp-data-table sp-sortable-table sp-scrollable-table sp-paginated-table\" data-sp-rows=\"20\"><thead><tr><th class=\"data-rank\">Pos<\/th><th class=\"data-name\">Club<\/th><th class=\"data-p\">P<\/th><th class=\"data-gd\">GD<\/th><th class=\"data-pts\">Pts<\/th><\/tr><\/thead><tbody><tr class=\"odd sp-row-no-0\"><td class=\"data-rank\" data-label=\"Pos\">1<\/td><td class=\"data-name has-logo\" data-label=\"Club\"><a href=\"http:\/\/www.bloguecornella.es\/wordpress\/team\/fc-barcelona\/\"><span class=\"team-logo\"><img loading=\"lazy\" decoding=\"async\" width=\"128\" height=\"128\" src=\"https:\/\/i0.wp.com\/www.bloguecornella.es\/wordpress\/wp-content\/uploads\/2025\/09\/Escudo-FC-Barcelona.jpg?fit=128%2C128\" class=\"attachment-sportspress-fit-icon size-sportspress-fit-icon wp-post-image\" alt=\"\" \/><\/span>FC Barcelona<\/a><\/td><td class=\"data-p\" data-label=\"P\">20<\/td><td class=\"data-gd\" data-label=\"GD\">34<\/td><td class=\"data-pts\" data-label=\"Pts\">48<\/td><\/tr><tr class=\"even sp-row-no-1\"><td class=\"data-rank\" data-label=\"Pos\">2<\/td><td class=\"data-name has-logo\" data-label=\"Club\"><a href=\"http:\/\/www.bloguecornella.es\/wordpress\/team\/rcd-espanyol\/\"><span class=\"team-logo\"><img loading=\"lazy\" decoding=\"async\" width=\"89\" height=\"128\" src=\"https:\/\/i0.wp.com\/www.bloguecornella.es\/wordpress\/wp-content\/uploads\/2025\/08\/Escudo_RCD_Espanyol_-_sin_bgr-removebg-preview.png?fit=89%2C128\" class=\"attachment-sportspress-fit-icon size-sportspress-fit-icon wp-post-image\" alt=\"\" \/><\/span>RCD Espanyol<\/a><\/td><td class=\"data-p\" data-label=\"P\">20<\/td><td class=\"data-gd\" data-label=\"GD\">23<\/td><td class=\"data-pts\" data-label=\"Pts\">44<\/td><\/tr><tr class=\"odd sp-row-no-2\"><td class=\"data-rank\" data-label=\"Pos\">3<\/td><td class=\"data-name has-logo\" data-label=\"Club\"><a href=\"http:\/\/www.bloguecornella.es\/wordpress\/team\/rcd-mallorca\/\"><span class=\"team-logo\"><img loading=\"lazy\" decoding=\"async\" width=\"128\" height=\"128\" src=\"https:\/\/i0.wp.com\/www.bloguecornella.es\/wordpress\/wp-content\/uploads\/2025\/09\/Escudo-RCD-Mallorca.jpg?fit=128%2C128\" class=\"attachment-sportspress-fit-icon size-sportspress-fit-icon wp-post-image\" alt=\"\" \/><\/span>RCD Mallorca<\/a><\/td><td class=\"data-p\" data-label=\"P\">20<\/td><td class=\"data-gd\" data-label=\"GD\">20<\/td><td class=\"data-pts\" data-label=\"Pts\">40<\/td><\/tr><tr class=\"even sp-row-no-3\"><td class=\"data-rank\" data-label=\"Pos\">4<\/td><td class=\"data-name has-logo\" data-label=\"Club\"><a href=\"http:\/\/www.bloguecornella.es\/wordpress\/team\/cf-damm\/\"><span class=\"team-logo\"><img loading=\"lazy\" decoding=\"async\" width=\"119\" height=\"128\" src=\"https:\/\/i0.wp.com\/www.bloguecornella.es\/wordpress\/wp-content\/uploads\/2025\/09\/Escudo-CF-Damm-sin-bgr.png?fit=119%2C128\" class=\"attachment-sportspress-fit-icon size-sportspress-fit-icon wp-post-image\" alt=\"\" \/><\/span>CF Damm<\/a><\/td><td class=\"data-p\" data-label=\"P\">20<\/td><td class=\"data-gd\" data-label=\"GD\">30<\/td><td class=\"data-pts\" data-label=\"Pts\">37<\/td><\/tr><tr class=\"odd sp-row-no-4\"><td class=\"data-rank\" data-label=\"Pos\">5<\/td><td class=\"data-name has-logo\" data-label=\"Club\"><a href=\"http:\/\/www.bloguecornella.es\/wordpress\/team\/girona-fc\/\"><span class=\"team-logo\"><img loading=\"lazy\" decoding=\"async\" width=\"128\" height=\"128\" src=\"https:\/\/i0.wp.com\/www.bloguecornella.es\/wordpress\/wp-content\/uploads\/2025\/07\/Escudo_Girona_FC_v2-sin-bgr.png?fit=128%2C128\" class=\"attachment-sportspress-fit-icon size-sportspress-fit-icon wp-post-image\" alt=\"\" \/><\/span>Girona FC<\/a><\/td><td class=\"data-p\" data-label=\"P\">20<\/td><td class=\"data-gd\" data-label=\"GD\">8<\/td><td class=\"data-pts\" data-label=\"Pts\">34<\/td><\/tr><tr class=\"even sp-row-no-5\"><td class=\"data-rank\" data-label=\"Pos\">6<\/td><td class=\"data-name has-logo\" data-label=\"Club\"><a href=\"http:\/\/www.bloguecornella.es\/wordpress\/team\/real-zaragoza\/\"><span class=\"team-logo\"><img loading=\"lazy\" decoding=\"async\" width=\"128\" height=\"128\" src=\"https:\/\/i0.wp.com\/www.bloguecornella.es\/wordpress\/wp-content\/uploads\/2025\/09\/Escudo-Real-Zaragoza-sin-bgr.png?fit=128%2C128\" class=\"attachment-sportspress-fit-icon size-sportspress-fit-icon wp-post-image\" alt=\"\" \/><\/span>Real Zaragoza<\/a><\/td><td class=\"data-p\" data-label=\"P\">20<\/td><td class=\"data-gd\" data-label=\"GD\">5<\/td><td class=\"data-pts\" data-label=\"Pts\">34<\/td><\/tr><tr class=\"odd sp-row-no-6\"><td class=\"data-rank\" data-label=\"Pos\">7<\/td><td class=\"data-name has-logo\" data-label=\"Club\"><a href=\"http:\/\/www.bloguecornella.es\/wordpress\/team\/ce-sabadell\/\"><span class=\"team-logo\"><img loading=\"lazy\" decoding=\"async\" width=\"128\" height=\"95\" src=\"https:\/\/i0.wp.com\/www.bloguecornella.es\/wordpress\/wp-content\/uploads\/2025\/08\/Escudo-CE-Sabadell-sin-bgr-e1754559378611.png?fit=128%2C95\" class=\"attachment-sportspress-fit-icon size-sportspress-fit-icon wp-post-image\" alt=\"\" \/><\/span>CE Sabadell<\/a><\/td><td class=\"data-p\" data-label=\"P\">20<\/td><td class=\"data-gd\" data-label=\"GD\">-2<\/td><td class=\"data-pts\" data-label=\"Pts\">30<\/td><\/tr><tr class=\"even sp-row-no-7\"><td class=\"data-rank\" data-label=\"Pos\">8<\/td><td class=\"data-name has-logo\" data-label=\"Club\"><a href=\"http:\/\/www.bloguecornella.es\/wordpress\/team\/cd-san-francisco\/\"><span class=\"team-logo\"><img loading=\"lazy\" decoding=\"async\" width=\"128\" height=\"128\" src=\"https:\/\/i0.wp.com\/www.bloguecornella.es\/wordpress\/wp-content\/uploads\/2025\/09\/Escudo-CD-San-Francisco.jpg?fit=128%2C128\" class=\"attachment-sportspress-fit-icon size-sportspress-fit-icon wp-post-image\" alt=\"\" \/><\/span>CD San Francisco<\/a><\/td><td class=\"data-p\" data-label=\"P\">20<\/td><td class=\"data-gd\" data-label=\"GD\">-10<\/td><td class=\"data-pts\" data-label=\"Pts\">27<\/td><\/tr><tr class=\"odd sp-row-no-8\"><td class=\"data-rank\" data-label=\"Pos\">9<\/td><td class=\"data-name has-logo\" data-label=\"Club\"><a href=\"http:\/\/www.bloguecornella.es\/wordpress\/team\/racing-club-zaragoza\/\"><span class=\"team-logo\"><img loading=\"lazy\" decoding=\"async\" width=\"125\" height=\"128\" src=\"https:\/\/i0.wp.com\/www.bloguecornella.es\/wordpress\/wp-content\/uploads\/2025\/09\/Escudo-Racing-Club-Zaragoza.jpg?fit=125%2C128\" class=\"attachment-sportspress-fit-icon size-sportspress-fit-icon wp-post-image\" alt=\"\" \/><\/span>Racing Club Zaragoza<\/a><\/td><td class=\"data-p\" data-label=\"P\">20<\/td><td class=\"data-gd\" data-label=\"GD\">-11<\/td><td class=\"data-pts\" data-label=\"Pts\">24<\/td><\/tr><tr class=\"even sp-row-no-9\"><td class=\"data-rank\" data-label=\"Pos\">10<\/td><td class=\"data-name has-logo\" data-label=\"Club\"><a href=\"http:\/\/www.bloguecornella.es\/wordpress\/team\/gimnastic-tarragona\/\"><span class=\"team-logo\"><img loading=\"lazy\" decoding=\"async\" width=\"128\" height=\"128\" src=\"https:\/\/i0.wp.com\/www.bloguecornella.es\/wordpress\/wp-content\/uploads\/2025\/09\/Escudo-Gimnastic-Tarragona.jpg?fit=128%2C128\" class=\"attachment-sportspress-fit-icon size-sportspress-fit-icon wp-post-image\" alt=\"\" \/><\/span>Gimnastic Tarragona<\/a><\/td><td class=\"data-p\" data-label=\"P\">20<\/td><td class=\"data-gd\" data-label=\"GD\">-10<\/td><td class=\"data-pts\" data-label=\"Pts\">20<\/td><\/tr><tr class=\"odd sp-row-no-10\"><td class=\"data-rank\" data-label=\"Pos\">11<\/td><td class=\"data-name has-logo\" data-label=\"Club\"><a href=\"http:\/\/www.bloguecornella.es\/wordpress\/team\/gimnastic-manresa\/\"><span class=\"team-logo\"><img loading=\"lazy\" decoding=\"async\" width=\"128\" height=\"128\" src=\"https:\/\/i0.wp.com\/www.bloguecornella.es\/wordpress\/wp-content\/uploads\/2025\/08\/Escudo-Gimnastic-Manresa-sin-bgr.png?fit=128%2C128\" class=\"attachment-sportspress-fit-icon size-sportspress-fit-icon wp-post-image\" alt=\"\" \/><\/span>Gimnastic Manresa<\/a><\/td><td class=\"data-p\" data-label=\"P\">20<\/td><td class=\"data-gd\" data-label=\"GD\">-14<\/td><td class=\"data-pts\" data-label=\"Pts\">19<\/td><\/tr><tr class=\"even sp-row-no-11\"><td class=\"data-rank\" data-label=\"Pos\">12<\/td><td class=\"data-name has-logo\" data-label=\"Club\"><a href=\"http:\/\/www.bloguecornella.es\/wordpress\/team\/sd-huesca\/\"><span class=\"team-logo\"><img loading=\"lazy\" decoding=\"async\" width=\"128\" height=\"128\" src=\"https:\/\/i0.wp.com\/www.bloguecornella.es\/wordpress\/wp-content\/uploads\/2025\/09\/Escudo-SD-Huesca.jpg?fit=128%2C128\" class=\"attachment-sportspress-fit-icon size-sportspress-fit-icon wp-post-image\" alt=\"\" \/><\/span>SD Huesca<\/a><\/td><td class=\"data-p\" data-label=\"P\">19<\/td><td class=\"data-gd\" data-label=\"GD\">-7<\/td><td class=\"data-pts\" data-label=\"Pts\">18<\/td><\/tr><tr class=\"odd sp-row-no-12\"><td class=\"data-rank\" data-label=\"Pos\">13<\/td><td class=\"data-name has-logo\" data-label=\"Club\"><a href=\"http:\/\/www.bloguecornella.es\/wordpress\/team\/ue-cornella\/\"><span class=\"team-logo\"><img loading=\"lazy\" decoding=\"async\" width=\"90\" height=\"128\" src=\"https:\/\/i0.wp.com\/www.bloguecornella.es\/wordpress\/wp-content\/uploads\/2024\/07\/escudo-ue-cornella-e1721831330896.jpg?fit=90%2C128\" class=\"attachment-sportspress-fit-icon size-sportspress-fit-icon wp-post-image\" alt=\"\" \/><\/span>UE Cornell\u00e0<\/a><\/td><td class=\"data-p\" data-label=\"P\">20<\/td><td class=\"data-gd\" data-label=\"GD\">-16<\/td><td class=\"data-pts\" data-label=\"Pts\">16<\/td><\/tr><tr class=\"even sp-row-no-13\"><td class=\"data-rank\" data-label=\"Pos\">14<\/td><td class=\"data-name has-logo\" data-label=\"Club\"><a href=\"http:\/\/www.bloguecornella.es\/wordpress\/team\/sant-cugat-fc\/\"><span class=\"team-logo\"><img loading=\"lazy\" decoding=\"async\" width=\"128\" height=\"128\" src=\"https:\/\/i0.wp.com\/www.bloguecornella.es\/wordpress\/wp-content\/uploads\/2025\/08\/Escudo-Sant-Cugat-FC-sin-bgr.png?fit=128%2C128\" class=\"attachment-sportspress-fit-icon size-sportspress-fit-icon wp-post-image\" alt=\"\" \/><\/span>Sant Cugat FC<\/a><\/td><td class=\"data-p\" data-label=\"P\">20<\/td><td class=\"data-gd\" data-label=\"GD\">-17<\/td><td class=\"data-pts\" data-label=\"Pts\">16<\/td><\/tr><tr class=\"odd sp-row-no-14\"><td class=\"data-rank\" data-label=\"Pos\">15<\/td><td class=\"data-name has-logo\" data-label=\"Club\"><a href=\"http:\/\/www.bloguecornella.es\/wordpress\/team\/ud-montecarlo\/\"><span class=\"team-logo\"><img loading=\"lazy\" decoding=\"async\" width=\"128\" height=\"128\" src=\"https:\/\/i0.wp.com\/www.bloguecornella.es\/wordpress\/wp-content\/uploads\/2025\/09\/Escudo-UD-Montecarlo.jpg?fit=128%2C128\" class=\"attachment-sportspress-fit-icon size-sportspress-fit-icon wp-post-image\" alt=\"\" \/><\/span>UD Montecarlo<\/a><\/td><td class=\"data-p\" data-label=\"P\">19<\/td><td class=\"data-gd\" data-label=\"GD\">-15<\/td><td class=\"data-pts\" data-label=\"Pts\">14<\/td><\/tr><tr class=\"even sp-row-no-15\"><td class=\"data-rank\" data-label=\"Pos\">16<\/td><td class=\"data-name has-logo\" data-label=\"Club\"><a href=\"http:\/\/www.bloguecornella.es\/wordpress\/team\/ce-constancia\/\"><span class=\"team-logo\"><img loading=\"lazy\" decoding=\"async\" width=\"128\" height=\"128\" src=\"https:\/\/i0.wp.com\/www.bloguecornella.es\/wordpress\/wp-content\/uploads\/2025\/09\/Escudo-CE-Constancia.jpg?fit=128%2C128\" class=\"attachment-sportspress-fit-icon size-sportspress-fit-icon wp-post-image\" alt=\"\" \/><\/span>CE Constancia<\/a><\/td><td class=\"data-p\" data-label=\"P\">20<\/td><td class=\"data-gd\" data-label=\"GD\">-18<\/td><td class=\"data-pts\" data-label=\"Pts\">13<\/td><\/tr><\/tbody><\/table><\/div><\/div>\n<\/div>\n\n\n\n<p><\/p>\n","protected":false},"excerpt":{"rendered":"<p>\u00daltimas noticias sobre el Juvenil A de la UE Cornell\u00e0 masculino. Enlaces de inter\u00e9s Clasificaci\u00f3n Divisi\u00f3n Honor Juvenil &#8211; Grupo 3 Temporada 2025\/26&nbsp;<\/p>\n","protected":false},"author":1,"featured_media":0,"parent":0,"menu_order":0,"comment_status":"closed","ping_status":"closed","template":"","meta":{"_eb_attr":"","advanced_seo_description":"","jetpack_seo_html_title":"","jetpack_seo_noindex":false,"jetpack_post_was_ever_published":false,"footnotes":""},"class_list":["post-1303","page","type-page","status-publish","hentry"],"jetpack_sharing_enabled":true,"jetpack-related-posts":[{"id":1537,"url":"http:\/\/www.bloguecornella.es\/wordpress\/calendario-25-26-juvenil-a-ue-cornella\/","url_meta":{"origin":1303,"position":0},"title":"Calendario 25\/26 &#8211; Juvenil A UE Cornell\u00e0","author":"bloguecornella","date":"20 de mayo de 2025","format":false,"excerpt":"","rel":"","context":"Entrada similar","block_context":{"text":"Entrada similar","link":""},"img":{"alt_text":"","src":"https:\/\/i0.wp.com\/www.bloguecornella.es\/wordpress\/wp-content\/uploads\/2025\/07\/Escudo-Division-Honor-Juvenil.png?fit=640%2C640&resize=350%2C200","width":350,"height":200,"srcset":"https:\/\/i0.wp.com\/www.bloguecornella.es\/wordpress\/wp-content\/uploads\/2025\/07\/Escudo-Division-Honor-Juvenil.png?fit=640%2C640&resize=350%2C200 1x, https:\/\/i0.wp.com\/www.bloguecornella.es\/wordpress\/wp-content\/uploads\/2025\/07\/Escudo-Division-Honor-Juvenil.png?fit=640%2C640&resize=525%2C300 1.5x"},"classes":[]},{"id":1515,"url":"http:\/\/www.bloguecornella.es\/wordpress\/historia-juvenil-a-ue-cornella\/","url_meta":{"origin":1303,"position":1},"title":"Historia Juvenil A &#8211; UE Cornell\u00e0","author":"bloguecornella","date":"19 de mayo de 2025","format":false,"excerpt":"En est\u00e1 p\u00e1gina, mostraremos la historia del Juvenil A Masculino. Actualmente, suma 23 temporadas consecutivas en la m\u00e1xima categor\u00eda de la Divisi\u00f3n de Honor Juvenil. Trayectoria resumida Categor\u00edaTemporadasDivisi\u00f3n Honor Juvenil24Liga Nacional Juvenil2 Trayectoria detallada TemporadaCategor\u00edaGrupoPosici\u00f3nPuntos2025\/26Divisi\u00f3n Honor Juvenil3Pdte.02024\/25Divisi\u00f3n Honor Juvenil312\u00ba312023\/24Divisi\u00f3n Honor Juvenil311\u00ba352022\/23Divisi\u00f3n Honor Juvenil39\u00ba402021\/22Divisi\u00f3n Honor Juvenil36\u00ba512020\/21Divisi\u00f3n Honor Juvenil38\u00ba202019\/20Divisi\u00f3n Honor Juvenil36\u00ba39 (Suspendido\u2026","rel":"","context":"Entrada similar","block_context":{"text":"Entrada similar","link":""},"img":{"alt_text":"","src":"","width":0,"height":0},"classes":[]},{"id":1373,"url":"http:\/\/www.bloguecornella.es\/wordpress\/ue-cornella-25-26-tercera-federacion-grupo-5\/","url_meta":{"origin":1303,"position":2},"title":"UE Cornell\u00e0 &#8211; Primer equipo","author":"bloguecornella","date":"5 de mayo de 2025","format":false,"excerpt":"\u00daltimas noticias sobre la UE Cornell\u00e0 Pr\u00f3ximos partidos \u00daltimos resultados Enlaces de inter\u00e9s Calendario Temporada 25\/26 Historia UE Cornell\u00e0 Clasificaci\u00f3n Tercera Federaci\u00f3n - Grupo V - 2025\/26","rel":"","context":"Entrada similar","block_context":{"text":"Entrada similar","link":""},"img":{"alt_text":"","src":"","width":0,"height":0},"classes":[]},{"id":1323,"url":"http:\/\/www.bloguecornella.es\/wordpress\/bio-fundacio-uec-fem\/","url_meta":{"origin":1303,"position":3},"title":"Fundaci\u00f3 UE Cornell\u00e0 &#8211; 3\u00aa Fed Fem Grupo 5","author":"bloguecornella","date":"4 de mayo de 2025","format":false,"excerpt":"\u00daltimas noticias Fundaci\u00f3 UE Cornell\u00e0 Femenina Pr\u00f3ximos encuentros \u00daltimos encuentros Enlaces de Inter\u00e9s Calendario Temporada 2025\/26 Historia Fundaci\u00f3 UE Cornell\u00e0 Clasificaci\u00f3n Tercera Federaci\u00f3n Femenina - Grupo V - 2025\/26","rel":"","context":"Entrada similar","block_context":{"text":"Entrada similar","link":""},"img":{"alt_text":"","src":"","width":0,"height":0},"classes":[]},{"id":1533,"url":"http:\/\/www.bloguecornella.es\/wordpress\/calendario-25-26-ue-cornella\/","url_meta":{"origin":1303,"position":4},"title":"Calendario 25\/26 &#8211; UE Cornell\u00e0","author":"bloguecornella","date":"20 de mayo de 2025","format":false,"excerpt":"Mostramos el calendario del equipo masculino de la UE Cornell\u00e0, en esta temporada 2025\/26. El equipo compite en la Tercera Federaci\u00f3n - Grupo 5. PONER EN HORIZONTAL SI ESTAIS EN VERSION MOBIL JornadaFechaHoraEquipo LocalGoles LocalGoles VisitanteEquipo VisitanteRetransmisi\u00f3n v\u00eda Twitch107\/09\/2025Por DeterminarUE VicUE Cornell\u00e0214\/09\/2025Por DeterminarUE Cornell\u00e0CF Peralada321\/09\/2025Por DeterminarCerdanyola del Valles CFUE Cornell\u00e0428\/09\/2025Por\u2026","rel":"","context":"Entrada similar","block_context":{"text":"Entrada similar","link":""},"img":{"alt_text":"","src":"","width":0,"height":0},"classes":[]},{"id":1494,"url":"http:\/\/www.bloguecornella.es\/wordpress\/futbol-cornella\/","url_meta":{"origin":1303,"position":5},"title":"F\u00fatbol Cornell\u00e0","author":"bloguecornella","date":"16 de mayo de 2025","format":false,"excerpt":"Enlaces de inter\u00e9s Clasificaci\u00f3n UE Sant Ildefons 25\/26 Clasificaci\u00f3n CD Almeda 25\/26 Clasificaci\u00f3n CD Fontsanta-Fatjo 25\/26 \u00daltimas noticias sobre el f\u00fatbol en Cornell\u00e0 de Llobregat","rel":"","context":"Entrada similar","block_context":{"text":"Entrada similar","link":""},"img":{"alt_text":"","src":"","width":0,"height":0},"classes":[]}],"_links":{"self":[{"href":"http:\/\/www.bloguecornella.es\/wordpress\/wp-json\/wp\/v2\/pages\/1303","targetHints":{"allow":["GET"]}}],"collection":[{"href":"http:\/\/www.bloguecornella.es\/wordpress\/wp-json\/wp\/v2\/pages"}],"about":[{"href":"http:\/\/www.bloguecornella.es\/wordpress\/wp-json\/wp\/v2\/types\/page"}],"author":[{"embeddable":true,"href":"http:\/\/www.bloguecornella.es\/wordpress\/wp-json\/wp\/v2\/users\/1"}],"replies":[{"embeddable":true,"href":"http:\/\/www.bloguecornella.es\/wordpress\/wp-json\/wp\/v2\/comments?post=1303"}],"version-history":[{"count":22,"href":"http:\/\/www.bloguecornella.es\/wordpress\/wp-json\/wp\/v2\/pages\/1303\/revisions"}],"predecessor-version":[{"id":2936,"href":"http:\/\/www.bloguecornella.es\/wordpress\/wp-json\/wp\/v2\/pages\/1303\/revisions\/2936"}],"wp:attachment":[{"href":"http:\/\/www.bloguecornella.es\/wordpress\/wp-json\/wp\/v2\/media?parent=1303"}],"curies":[{"name":"wp","href":"https:\/\/api.w.org\/{rel}","templated":true}]}}